{"id":1367,"date":"2023-02-09T16:24:55","date_gmt":"2023-02-09T15:24:55","guid":{"rendered":"https:\/\/www.prostor-design.cz\/?page_id=1367"},"modified":"2023-02-10T14:39:09","modified_gmt":"2023-02-10T13:39:09","slug":"datenschutzbestimmungen","status":"publish","type":"page","link":"https:\/\/www.prostor-design.cz\/de\/datenschutzbestimmungen\/","title":{"rendered":"Datenschutz"},"content":{"rendered":"<h2>KONTAKTINFORMATIONEN DES F\u00dcR DIE VERARBEITUNG VERANTWORTLICHEN<\/h2>\n<p><strong>Name: PROSTOR-design, s.r.o<\/strong><\/p>\n<p><strong>Anschrift des eingetragenen Sitzes: \u017dernovick\u00e1 257, Prachatice II, 383 01 Prachatice<\/strong><\/p>\n<p><strong>ID-NR.: 62502891<\/strong><\/p>\n<p><strong>E-Mail: info@prostor-design.cz<\/strong><\/p>\n<p><strong>Telefon: +420 388 314 321<\/strong><\/p>\n<p>Die Verarbeitung personenbezogener Daten erfolgt im Einklang mit der Verordnung (EU) 2016\/679 des Europ\u00e4ischen Parlaments und des Rates vom 27. April 2016 zum Schutz nat\u00fcrlicher Personen bei der Verarbeitung personenbezogener Daten, zum freien Datenverkehr und zur Aufhebung der Richtlinie 95\/46\/EG (im Folgenden &#8220;die Verordnung&#8221;), dem Gesetz \u00fcber die Verarbeitung personenbezogener Daten und dem Gesetz Nr. 480\/2004 Slg. \u00fcber bestimmte Dienste der Informationsgesellschaft in der jeweils geltenden Fassung.<\/p>\n<h3>DEFINITIONEN<\/h3>\n<p><strong>Betroffene Person:<\/strong> Die nat\u00fcrliche Person (Verbraucher und Selbstst\u00e4ndige), auf die sich die personenbezogenen Daten beziehen (im Folgenden auch als &#8220;<strong>Sie<\/strong>&#8221; oder &#8220;<strong>Kunde<\/strong>&#8221; bezeichnet);<\/p>\n<p><strong>Personenbezogene Daten<\/strong>: Alle Informationen \u00fcber einen identifizierten oder identifizierbaren Kunden; ein identifizierbarer Kunde ist eine nat\u00fcrliche Person, die direkt oder indirekt identifiziert werden kann, insbesondere durch Zuordnung zu einer Kennung wie einem Namen, zu einer Kennnummer, zu Standortdaten, zu einer Netzkennung oder zu einem oder mehreren besonderen Merkmalen der physischen, physiologischen, genetischen, psychischen, wirtschaftlichen, kulturellen oder sozialen Identit\u00e4t dieser nat\u00fcrlichen Person (im Folgenden auch &#8220;<strong>Daten<\/strong>&#8221; oder &#8220;<strong>Informationen<\/strong>&#8220;);<\/p>\n<p><strong>F\u00fcr die Verarbeitung Verantwortlicher:<\/strong> Die Stelle, die den Zweck und die Mittel der Verarbeitung personenbezogener Daten festlegt, die Verarbeitung durchf\u00fchrt und f\u00fcr die Verarbeitung verantwortlich ist. Der Inhaber der personenbezogenen Daten ist PROSTOR-design, s.r.o., Prachatice II, \u017dernovick\u00e1 257 (im Folgenden auch &#8220;wir&#8221;);<\/p>\n<p><strong>Auftragsverarbeiter:<\/strong> eine Einrichtung, die auf der Grundlage von Gesetzen oder im Auftrag des f\u00fcr die Verarbeitung Verantwortlichen personenbezogene Daten f\u00fcr den f\u00fcr die Verarbeitung Verantwortlichen auf der Grundlage eines Vertrags \u00fcber die Verarbeitung personenbezogener Daten verarbeitet (im Folgenden auch &#8220;<strong>Gesch\u00e4ftspartner<\/strong>&#8221; oder &#8220;<strong>Partner<\/strong>&#8220;);<\/p>\n<p><strong>Website<\/strong>: Website verf\u00fcgbar unter www.prostor-design.cz<\/p>\n<p><strong>Zweck der Verarbeitung personenbezogener Daten:<\/strong> der Grund f\u00fcr die Verarbeitung der personenbezogenen Daten. Dieser Grund kann z. B. die Erf\u00fcllung eines Vertrags, die Verwaltung von Benutzerkonten, die Bearbeitung von Vorschl\u00e4gen und Beschwerden, die Zusendung von kommerziellen Mitteilungen (Newsletter) oder die Anzeige von Werbung auf der Grundlage von Kundeninteressen sein;<\/p>\n<p><strong>Cookies<\/strong>: kurze Textdateien, die von Ihrem Web- oder Mobilbrowser gespeichert werden. Die meisten Cookies enthalten eine eindeutige Kennung, eine so genannte Cookie-ID. Sie besteht aus einer Zeichenfolge, durch welche Internetseiten und Server dem konkreten Internetbrowser zugeordnet werden k\u00f6nnen, in dem das Cookie gespeichert wurde. Dies erm\u00f6glicht es Websites und Servern, einzelne Browser zu unterscheiden und zu identifizieren. Cookies werden verwendet, um die Funktionsweise von Websites zu verbessern, den Website-Verkehr auszuwerten und Marketingma\u00dfnahmen gezielter zu gestalten. Wenn Sie unsere Website besuchen, gehen wir davon aus, dass Sie mit der Verwendung dieser Dateien einverstanden sind.<\/p>\n<p>Drittl\u00e4nder: L\u00e4nder au\u00dferhalb des Europ\u00e4ischen Wirtschaftsraums, zu denen in erster Linie die Mitgliedsl\u00e4nder der Europ\u00e4ischen Union sowie Island, Liechtenstein und Norwegen geh\u00f6ren.<\/p>\n<h3>WELCHE PERSONENBEZOGENEN DATEN WERDEN VERARBEITET?<\/h3>\n<p>Wir und unsere Auftragsverarbeiter verarbeiten die folgenden personenbezogenen Daten oder Kategorien personenbezogener Daten in \u00dcbereinstimmung mit dem jeweiligen Rechtstitel und dem Zweck der Verarbeitung:<\/p>\n<ul>\n<li><strong>Identifikations- und Adressdaten:<\/strong> z.B. Vorname, Nachname, Liefer- oder sonstige Kontaktadresse, Anschrift des Lieferorts, Firmensitz, Umsatzsteuernummer;<\/li>\n<li><strong>elektronische Kontaktdaten:<\/strong> z. B. Telefonnummer, E-Mail-Adresse;<\/li>\n<li><strong>andere elektronische Daten:<\/strong> IP-Adresse, Cookies;<\/li>\n<li><strong>sonstige personenbezogene Daten im Zusammenhang mit dem Vertragsverh\u00e4ltnis:<\/strong> Kontonummer, Bestellhistorie;<\/li>\n<li><strong>sonstige personenbezogene Daten:<\/strong> in der Regel Daten, die der Kunde im Bestellformular oder in anderen Dokumenten und in der Kommunikation mit uns angibt, einschlie\u00dflich sp\u00e4terer Aktualisierungen.<\/li>\n<\/ul>\n<h3>WOHER STAMMEN DIE PERSONENBEZOGENEN DATEN?<\/h3>\n<p>Wir verarbeiten die Daten, die Sie uns z.B. bei der Bestellung unserer Dienste, der Registrierung eines Benutzerkontos, der Kommunikation mit uns oder dem Abonnement unseres Newsletters zur Verf\u00fcgung stellen. Dazu geh\u00f6ren in der Regel<\/p>\n<ul>\n<li>Identifikations- und Adressdaten;<\/li>\n<li>elektronische Kontaktinformationen;<\/li>\n<li>Sonstige personenbezogene Daten im Zusammenhang mit dem Vertragsverh\u00e4ltnis.<\/li>\n<\/ul>\n<p>Sowie Daten, die wir automatisch sammeln, wenn Sie auf unserer Website surfen. Dazu geh\u00f6ren in der Regel:<\/p>\n<ul>\n<li>Andere elektronische Daten:<\/li>\n<li>Cookies<\/li>\n<li>die Website, von der aus Sie auf unsere Website gekommen sind;<\/li>\n<li>IP-Adresse;<\/li>\n<li>Datum des Zugriffs und Uhrzeit des Zugriffs;<\/li>\n<li>Suchanfragen;<\/li>\n<li>http- und https-Antwortcode;<\/li>\n<li>Datengruppen \u00fcbertragen;<\/li>\n<li>Informationen \u00fcber den Browser und das Betriebssystem des Computers.<\/li>\n<\/ul>\n<h3>WARUM WERDEN PERSONENBEZOGENE DATEN VERARBEITET?<\/h3>\n<p>Ihre personenbezogenen Daten k\u00f6nnen f\u00fcr die folgenden Zwecke verarbeitet werden:<\/p>\n<ul>\n<li>Erf\u00fcllung eines Vertragsverh\u00e4ltnisses<\/li>\n<li>Verwaltung von Kundenkonten<\/li>\n<li>Kommunikation mit Kunden, Umgang mit Beschwerden und Reklamationen<\/li>\n<li>Versenden von kommerziellen Mitteilungen und Anbieten unserer Waren<\/li>\n<li>Direktmarketing und Erstellung von personalisierten Inhalten und Werbung<\/li>\n<li>Verbesserung der Qualit\u00e4t unserer Waren und Dienstleistungen, Analyse des Verkehrs auf unserer Website und Ihres Verhaltens auf der Website<\/li>\n<li>Schutz unserer Rechte, unseres Eigentums oder unserer Sicherheit oder der Rechte, des Eigentums oder der Sicherheit anderer<\/li>\n<li>Buchhaltungs- und Steuerzwecke<\/li>\n<li>Erf\u00fcllung sonstiger rechtlicher Verpflichtungen<\/li>\n<\/ul>\n<p>Ihre personenbezogenen Daten k\u00f6nnen auf der Grundlage der folgenden Rechtsgrundlagen verarbeitet werden:<\/p>\n<ul>\n<li>Ausf\u00fchrung des Vertrags<\/li>\n<li>Erf\u00fcllung einer rechtlichen Verpflichtung<\/li>\n<li>Berechtigtes Interesse des f\u00fcr die Verarbeitung Verantwortlichen an der Zusendung kommerzieller Mitteilungen<\/li>\n<li>Zustimmung zum Erhalt kommerzieller Kommunikation<\/li>\n<\/ul>\n<p>Die Verarbeitung personenbezogener Daten zur Erf\u00fcllung eines Vertragsverh\u00e4ltnisses, zu buchhalterischen und steuerlichen Zwecken sowie zur Erf\u00fcllung sonstiger rechtlicher Verpflichtungen ist gesetzlich oder vertraglich vorgeschrieben. Wenn Sie eine Bestellung \u00fcber unsere Website aufgeben wollen, sind Sie verpflichtet, uns Ihre pers\u00f6nlichen Daten f\u00fcr diese Zwecke zur Verf\u00fcgung zu stellen.<\/p>\n<h3>WIE LANGE WERDEN PERSONENBEZOGENE DATEN VERARBEITET?<\/h3>\n<p>Ihre personenbezogenen Daten werden verarbeitet:<\/p>\n<ul>\n<li>F\u00fcr den Zeitraum, der erforderlich ist, um die Rechte und Pflichten aus dem Vertragsverh\u00e4ltnis zwischen Ihnen und uns wahrzunehmen und Anspr\u00fcche aus diesem Vertragsverh\u00e4ltnis geltend zu machen (4 Jahre);<\/li>\n<li>f\u00fcr den Zeitraum, der erforderlich ist, um einer gesetzlichen Verpflichtung nachzukommen (Buchhaltungsunterlagen f\u00fcr 5 Jahre, Steuerunterlagen f\u00fcr 10 Jahre);<\/li>\n<li>solange wir ein berechtigtes Interesse daran haben, Ihnen kommerzielle Mitteilungen zuzusenden (2 Jahre nach dem letzten \u00d6ffnen einer kommerziellen Mitteilung durch Sie);<\/li>\n<li>f\u00fcr die Dauer Ihrer Einwilligung (maximal 4 Jahre ab dem Datum der Einwilligung oder 4 Jahre ab der letzten Bestellung)<\/li>\n<\/ul>\n<h3>AN WEN WERDEN PERSONENBEZOGENE DATEN WEITERGEGEBEN?<\/h3>\n<p>Die folgenden Kategorien unserer Partner (Empf\u00e4nger) k\u00f6nnen Zugang zu Ihren personenbezogenen Daten haben:<\/p>\n<ul>\n<li>Verkehrsanbieter<\/li>\n<li>Anbieter von Buchhaltungs- und Steuerberatung<\/li>\n<li>IT-Dienstleister und Hosting-Anbieter<\/li>\n<li>Anbieter von Sicherheit und Integrit\u00e4t unserer Dienste und Websites<\/li>\n<li>Erbringer von Rechtsdienstleistungen, Anw\u00e4lte<\/li>\n<li>\u00d6ffentliche Beh\u00f6rden<\/li>\n<\/ul>\n<h3>WERDEN PERSONENBEZOGENE DATEN AUSSERHALB DER EU \u00dcBERMITTELT?<\/h3>\n<p>Der f\u00fcr die Verarbeitung Verantwortliche hat nicht die Absicht, personenbezogene Daten an ein Drittland (au\u00dferhalb des Europ\u00e4ischen Wirtschaftsraums) oder eine internationale Organisation zu \u00fcbermitteln.<\/p>\n<h3>WIE WERDEN PERSONENBEZOGENE DATEN VERARBEITET?<\/h3>\n<p>Personenbezogene Daten werden manuell und automatisiert verarbeitet. Wir f\u00fchren ordnungsgem\u00e4\u00dfe Aufzeichnungen \u00fcber alle Verarbeitungst\u00e4tigkeiten in \u00dcbereinstimmung mit den einschl\u00e4gigen Rechtsvorschriften.<\/p>\n<p>Sie sind keiner Entscheidung unterworfen, die ausschlie\u00dflich auf einer automatisierten Verarbeitung, einschlie\u00dflich Profiling, beruht und die rechtliche Auswirkungen auf Sie h\u00e4tte oder Sie in \u00e4hnlich erheblicher Weise beeintr\u00e4chtigen w\u00fcrde. Wir erstellen\/profilieren Ihre personenbezogenen Daten nicht, um Ihre Vorlieben, Interessen, Ihre wirtschaftliche Situation, Ihre Zuverl\u00e4ssigkeit, Ihren Aufenthaltsort oder Ihre Bewegungen zu analysieren oder vorherzusagen (ein typisches Beispiel f\u00fcr Profiling ist die Beobachtung des Verhaltens von Website-Besuchern, um ihre Vorlieben zu verfolgen, damit ein H\u00e4ndler sie in Zukunft mit einem ma\u00dfgeschneiderten Angebot ansprechen kann).<\/p>\n<h3>WELCHE RECHTE HABEN DIE BETROFFENEN PERSONEN?<\/h3>\n<p>Wenn Sie Ihre Rechte aus\u00fcben m\u00f6chten, wenden Sie sich bitte an unsere Kontaktdaten, die am Anfang dieser Richtlinie aufgef\u00fchrt sind.<\/p>\n<p>Sie haben die folgenden Rechte in Bezug auf die Verarbeitung Ihrer personenbezogenen Daten (Artikel 15 bis 21 DSGVO):<\/p>\n<ul>\n<li>Recht auf Zugang zu personenbezogenen Daten<\/li>\n<li>Das Recht auf Berichtigung unrichtiger und Vervollst\u00e4ndigung unvollst\u00e4ndiger personenbezogener Daten<\/li>\n<li>Das Recht auf L\u00f6schung der personenbezogenen Daten<\/li>\n<li>Das Recht, die Verarbeitung personenbezogener Daten einzuschr\u00e4nken<\/li>\n<li>Das Recht auf Daten\u00fcbertragbarkeit<\/li>\n<li>Recht auf Widerspruch gegen die Verarbeitung<\/li>\n<li>Recht auf Information \u00fcber automatisierte Entscheidungsfindung, einschlie\u00dflich Profiling<\/li>\n<li>Wenn wir Ihre personenbezogenen Daten auf der Grundlage Ihrer Einwilligung verarbeiten, haben Sie das Recht, diese Einwilligung jederzeit zu widerrufen.<\/li>\n<\/ul>\n<p>Sie haben auch das Recht, eine Beschwerde bei der Aufsichtsbeh\u00f6rde einzureichen, dem Amt f\u00fcr den Schutz personenbezogener Daten mit Sitz in Pplk. Sochova 27, 170 00 Prag 7, Tel.: 234 665 111, Web: www.uoou.cz.<\/p>\n<h3>WIE WERDEN COOKIES VERARBEITET?<\/h3>\n<p>Die verarbeiteten Kekse lassen sich je nach ihrer G\u00fcltigkeit in unterteilen:<\/p>\n<ul>\n<li>tempor\u00e4re Cookies (Session-Cookies), die nur so lange in Ihrem Browser gespeichert bleiben, bis Sie Ihren Browser schlie\u00dfen,<\/li>\n<li>dauerhafte Cookies, die f\u00fcr eine lange Zeit in Ihrem Browser gespeichert bleiben, bis ihre Lebensdauer abl\u00e4uft oder bis Sie sie manuell l\u00f6schen (die Dauer der in Ihrem Browser gespeicherten Cookies h\u00e4ngt von der Einstellung des Cookies selbst und Ihren Browsereinstellungen ab).<\/li>\n<\/ul>\n<p>Und nach den Merkmalen auf:<\/p>\n<ul>\n<li>Wesentlich, die f\u00fcr die Funktionalit\u00e4t unserer Website notwendig sind,<\/li>\n<li>Pr\u00e4ferenz-Cookies, die es unserer Website erm\u00f6glichen, Informationen zu speichern, die das Verhalten oder das Aussehen der Website ver\u00e4ndern (z. B. Ihre bevorzugte Sprache oder die Region, in der Sie sich befinden); diese Cookies sind f\u00fcr das Funktionieren unserer Website nicht unbedingt erforderlich, verbessern aber die Funktionalit\u00e4t und die Benutzerfreundlichkeit der Website,<\/li>\n<li>analytische Cookies, die uns helfen, Ihre Erfahrungen auf unserer Website zu analysieren (genannt User Experience) und zu verstehen, wie Sie unsere Website nutzen,<\/li>\n<\/ul>\n<p>Wir verwenden keine Cookies von Drittanbietern, die mehrere Websites verfolgen, um Ihnen personalisierte Inhalte und Werbung auf den Websites von Drittanbietern und anderen Vertriebskan\u00e4len anzubieten.<\/p>\n<h3>WERDEN AUCH DIE DATEN VON KINDERN VERARBEITET?<\/h3>\n<p>Unsere Website ist nicht f\u00fcr Kinder unter 16 Jahren bestimmt. Wir sammeln daher nicht absichtlich ihre pers\u00f6nlichen Daten. Wenn wir feststellen, dass wir versehentlich personenbezogene Daten von Kindern unter 16 Jahren erfasst haben, werden wir Ma\u00dfnahmen ergreifen, um diese Daten so schnell wie m\u00f6glich zu l\u00f6schen, es sei denn, wir sind nach geltendem Recht verpflichtet, sie aufzubewahren.<\/p>\n<h3>SCHLUSSFOLGERUNG<\/h3>\n<p>Die Gesetzgebung und unsere Gesch\u00e4ftsstrategie und die damit verbundene Verarbeitung Ihrer pers\u00f6nlichen Daten k\u00f6nnen sich \u00e4ndern. Wenn wir uns entscheiden, diese Richtlinie zu aktualisieren, werden wir die \u00c4nderungen auf unserer Website ver\u00f6ffentlichen und Sie \u00fcber diese \u00c4nderungen informieren. Sollte es zu einer grundlegenden \u00c4nderung dieser Politik kommen oder sollten wir gesetzlich dazu verpflichtet sein, werden wir Sie im Voraus informieren. Wir bitten Sie, diese Richtlinie sorgf\u00e4ltig zu lesen und sie regelm\u00e4\u00dfig zu \u00fcberpr\u00fcfen, wenn Sie weiterhin mit uns kommunizieren oder unsere Website nutzen.<\/p>\n","protected":false},"excerpt":{"rendered":"<p>KONTAKTINFORMATIONEN DES F\u00dcR DIE VERARBEITUNG VERANTWORTLICHEN Name: PROSTOR-design, s.r.o Anschrift des eingetragenen Sitzes: \u017dernovick\u00e1 257, Prachatice II, 383 01 Prachatice ID-NR.: 62502891 E-Mail: info@prostor-design.cz Telefon: +420 388 314 321 Die Verarbeitung personenbezogener Daten erfolgt im Einklang mit der Verordnung (EU) 2016\/679 des Europ\u00e4ischen Parlaments und des Rates vom 27. April 2016 zum Schutz nat\u00fcrlicher Personen&#8230;<\/p>\n","protected":false},"author":2,"featured_media":0,"parent":0,"menu_order":0,"comment_status":"closed","ping_status":"open","template":"","meta":{"footnotes":""},"class_list":["post-1367","page","type-page","status-publish","hentry"],"yoast_head":"<!-- This site is optimized with the Yoast SEO plugin v27.5 - https:\/\/yoast.com\/product\/yoast-seo-wordpress\/ -->\n<title>Datenschutz | PROSTOR-design s.r.o.<\/title>\n<meta name=\"robots\" content=\"index, follow, max-snippet:-1, max-image-preview:large, max-video-preview:-1\" \/>\n<link rel=\"canonical\" href=\"https:\/\/www.prostor-design.cz\/de\/datenschutzbestimmungen\/\" \/>\n<meta property=\"og:locale\" content=\"de_DE\" \/>\n<meta property=\"og:type\" content=\"article\" \/>\n<meta property=\"og:title\" content=\"Datenschutz | PROSTOR-design s.r.o.\" \/>\n<meta property=\"og:description\" content=\"KONTAKTINFORMATIONEN DES F\u00dcR DIE VERARBEITUNG VERANTWORTLICHEN Name: PROSTOR-design, s.r.o Anschrift des eingetragenen Sitzes: \u017dernovick\u00e1 257, Prachatice II, 383 01 Prachatice ID-NR.: 62502891 E-Mail: info@prostor-design.cz Telefon: +420 388 314 321 Die Verarbeitung personenbezogener Daten erfolgt im Einklang mit der Verordnung (EU) 2016\/679 des Europ\u00e4ischen Parlaments und des Rates vom 27. April 2016 zum Schutz nat\u00fcrlicher Personen...\" \/>\n<meta property=\"og:url\" content=\"https:\/\/www.prostor-design.cz\/de\/datenschutzbestimmungen\/\" \/>\n<meta property=\"og:site_name\" content=\"PROSTOR-design s.r.o.\" \/>\n<meta property=\"article:publisher\" content=\"https:\/\/www.facebook.com\/prostordesignsro\" \/>\n<meta property=\"article:modified_time\" content=\"2023-02-10T13:39:09+00:00\" \/>\n<meta property=\"og:image\" content=\"https:\/\/www.prostor-design.cz\/wp-content\/uploads\/2022\/01\/P1071689-scaled.jpg\" \/>\n\t<meta property=\"og:image:width\" content=\"2560\" \/>\n\t<meta property=\"og:image:height\" content=\"1442\" \/>\n\t<meta property=\"og:image:type\" content=\"image\/jpeg\" \/>\n<meta name=\"twitter:card\" content=\"summary_large_image\" \/>\n<meta name=\"twitter:label1\" content=\"Est. reading time\" \/>\n\t<meta name=\"twitter:data1\" content=\"9 minutes\" \/>\n<!-- \/ Yoast SEO plugin. -->","yoast_head_json":{"title":"Datenschutz | PROSTOR-design s.r.o.","robots":{"index":"index","follow":"follow","max-snippet":"max-snippet:-1","max-image-preview":"max-image-preview:large","max-video-preview":"max-video-preview:-1"},"canonical":"https:\/\/www.prostor-design.cz\/de\/datenschutzbestimmungen\/","og_locale":"de_DE","og_type":"article","og_title":"Datenschutz | PROSTOR-design s.r.o.","og_description":"KONTAKTINFORMATIONEN DES F\u00dcR DIE VERARBEITUNG VERANTWORTLICHEN Name: PROSTOR-design, s.r.o Anschrift des eingetragenen Sitzes: \u017dernovick\u00e1 257, Prachatice II, 383 01 Prachatice ID-NR.: 62502891 E-Mail: info@prostor-design.cz Telefon: +420 388 314 321 Die Verarbeitung personenbezogener Daten erfolgt im Einklang mit der Verordnung (EU) 2016\/679 des Europ\u00e4ischen Parlaments und des Rates vom 27. April 2016 zum Schutz nat\u00fcrlicher Personen...","og_url":"https:\/\/www.prostor-design.cz\/de\/datenschutzbestimmungen\/","og_site_name":"PROSTOR-design s.r.o.","article_publisher":"https:\/\/www.facebook.com\/prostordesignsro","article_modified_time":"2023-02-10T13:39:09+00:00","og_image":[{"width":2560,"height":1442,"url":"https:\/\/www.prostor-design.cz\/wp-content\/uploads\/2022\/01\/P1071689-scaled.jpg","type":"image\/jpeg"}],"twitter_card":"summary_large_image","twitter_misc":{"Est. reading time":"9 minutes"},"schema":{"@context":"https:\/\/schema.org","@graph":[{"@type":"WebPage","@id":"https:\/\/www.prostor-design.cz\/de\/datenschutzbestimmungen\/","url":"https:\/\/www.prostor-design.cz\/de\/datenschutzbestimmungen\/","name":"Datenschutz | PROSTOR-design s.r.o.","isPartOf":{"@id":"https:\/\/www.prostor-design.cz\/de\/#website"},"datePublished":"2023-02-09T15:24:55+00:00","dateModified":"2023-02-10T13:39:09+00:00","breadcrumb":{"@id":"https:\/\/www.prostor-design.cz\/de\/datenschutzbestimmungen\/#breadcrumb"},"inLanguage":"de-DE","potentialAction":[{"@type":"ReadAction","target":["https:\/\/www.prostor-design.cz\/de\/datenschutzbestimmungen\/"]}]},{"@type":"BreadcrumbList","@id":"https:\/\/www.prostor-design.cz\/de\/datenschutzbestimmungen\/#breadcrumb","itemListElement":[{"@type":"ListItem","position":1,"name":"\u00davod","item":"https:\/\/www.prostor-design.cz\/de\/"},{"@type":"ListItem","position":2,"name":"Datenschutz"}]},{"@type":"WebSite","@id":"https:\/\/www.prostor-design.cz\/de\/#website","url":"https:\/\/www.prostor-design.cz\/de\/","name":"PROSTOR-design s.r.o.","description":"","publisher":{"@id":"https:\/\/www.prostor-design.cz\/de\/#organization"},"potentialAction":[{"@type":"SearchAction","target":{"@type":"EntryPoint","urlTemplate":"https:\/\/www.prostor-design.cz\/de\/?s={search_term_string}"},"query-input":{"@type":"PropertyValueSpecification","valueRequired":true,"valueName":"search_term_string"}}],"inLanguage":"de-DE"},{"@type":"Organization","@id":"https:\/\/www.prostor-design.cz\/de\/#organization","name":"PROSTOR-design s.r.o.","url":"https:\/\/www.prostor-design.cz\/de\/","logo":{"@type":"ImageObject","inLanguage":"de-DE","@id":"https:\/\/www.prostor-design.cz\/de\/#\/schema\/logo\/image\/","url":"https:\/\/www.prostor-design.cz\/wp-content\/uploads\/2022\/01\/Prostor-Design-Logo.png","contentUrl":"https:\/\/www.prostor-design.cz\/wp-content\/uploads\/2022\/01\/Prostor-Design-Logo.png","width":180,"height":180,"caption":"PROSTOR-design s.r.o."},"image":{"@id":"https:\/\/www.prostor-design.cz\/de\/#\/schema\/logo\/image\/"},"sameAs":["https:\/\/www.facebook.com\/prostordesignsro"]}]}},"_links":{"self":[{"href":"https:\/\/www.prostor-design.cz\/de\/wp-json\/wp\/v2\/pages\/1367","targetHints":{"allow":["GET"]}}],"collection":[{"href":"https:\/\/www.prostor-design.cz\/de\/wp-json\/wp\/v2\/pages"}],"about":[{"href":"https:\/\/www.prostor-design.cz\/de\/wp-json\/wp\/v2\/types\/page"}],"author":[{"embeddable":true,"href":"https:\/\/www.prostor-design.cz\/de\/wp-json\/wp\/v2\/users\/2"}],"replies":[{"embeddable":true,"href":"https:\/\/www.prostor-design.cz\/de\/wp-json\/wp\/v2\/comments?post=1367"}],"version-history":[{"count":2,"href":"https:\/\/www.prostor-design.cz\/de\/wp-json\/wp\/v2\/pages\/1367\/revisions"}],"predecessor-version":[{"id":1371,"href":"https:\/\/www.prostor-design.cz\/de\/wp-json\/wp\/v2\/pages\/1367\/revisions\/1371"}],"wp:attachment":[{"href":"https:\/\/www.prostor-design.cz\/de\/wp-json\/wp\/v2\/media?parent=1367"}],"curies":[{"name":"wp","href":"https:\/\/api.w.org\/{rel}","templated":true}]}}